{"id":26,"date":"2020-04-15T10:12:11","date_gmt":"2020-04-15T08:12:11","guid":{"rendered":"http:\/\/athletisme-sua.fr\/?page_id=26"},"modified":"2021-09-27T14:04:51","modified_gmt":"2021-09-27T12:04:51","slug":"le-club","status":"publish","type":"page","link":"https:\/\/athletisme-sua.fr\/?page_id=26","title":{"rendered":"Le club"},"content":{"rendered":"\n<h2 class=\"wp-block-heading\">Le SUA Athl\u00e9tisme, fort de son exp\u00e9rience<\/h2>\n\n\n\n<p>N\u00e9 de la fusion du SPORTING CLUB et de l\u2019UNION SPORTIVE AGENAISE, le S.U.AGEN a \u00e9t\u00e9 reconnu officiellement en 1920, vraisemblablement en Novembre (aucune date n\u2019est connue exactement).<\/p>\n\n\n\n<div class=\"wp-block-image\"><figure class=\"alignleft is-resized\"><a href=\"https:\/\/web.archive.org\/web\/20180825235801\/http:\/\/sua-athletisme.fr\/wp-content\/uploads\/2014\/10\/suaathletisme.jpg\"><img loading=\"lazy\" decoding=\"async\" src=\"https:\/\/web.archive.org\/web\/20180825235801im_\/http:\/\/sua-athletisme.fr\/wp-content\/uploads\/2014\/10\/suaathletisme.jpg\" alt=\"\" class=\"wp-image-1323\" width=\"276\" height=\"184\"\/><\/a><\/figure><\/div>\n\n\n\n<p>C\u2019est, d\u00e8s 1896, que l\u2019athl\u00e9tisme a pris naissance au chef lieu le 18 octobre, la soci\u00e9t\u00e9 de touristes \u00ab&nbsp;L\u2019Eclair&nbsp;\u00bb faisant disputer au v\u00e9lodrome de Sembel sa premi\u00e8re r\u00e9union.&nbsp;Puis, depuis le terrain des Ch\u00eanes, le stade Genevois d\u2019abord, le stade ARMANDIE ensuite, ont accueilli les athl\u00e8tes agenais.<br>Il aura fallu beaucoup de temps, de patience, d\u2019abn\u00e9gation pour voir enfin les athl\u00e8tes fouler le \u00ab&nbsp;Tartan&nbsp;\u00bb du stade Robert RABAL construit \u00e0 l\u2019emplacement du stade Genevois, un fameux et m\u00e9morable vendredi 26 juillet 1974&nbsp;!&nbsp;En 1984, un re-surfa\u00e7age f\u00fbt rendu n\u00e9cessaire devant l\u2019usure de la piste.&nbsp;Puis le 11 Avril 2009, cette m\u00eame piste, \u00e0 bout de souffle, \u00e9tait \u00e0 nouveau \u00ab&nbsp;inaugur\u00e9e&nbsp;\u00bb suite \u00e0 une refonte totale des installations.<\/p>\n\n\n\n<div class=\"wp-block-columns is-layout-flex wp-container-core-columns-is-layout-3 wp-block-columns-is-layout-flex\">\n<div class=\"wp-block-column is-layout-flow wp-block-column-is-layout-flow\">\n<div class=\"wp-block-columns is-layout-flex wp-container-core-columns-is-layout-1 wp-block-columns-is-layout-flex\">\n<div class=\"wp-block-column is-layout-flow wp-block-column-is-layout-flow\">\n<div class=\"wp-block-uagb-info-box uagb-infobox__outer-wrap uagb-block-4ae1ebc6\"><div class=\"uagb-infobox__content-wrap uagb-infobox uagb-infobox-has-image uagb-infobox-icon-above-title uagb-infobox-image-valign-top uagb-infobox-enable-border-radius \"><div class=\"uagb-ifb-left-right-wrap\"><div class=\"uagb-ifb-content\"><div class=\"uagb-ifb-image-icon-content uagb-ifb-imgicon-wrap\"><div class=\"uagb-ifb-image\"><div class=\"uagb-ifb-image-content\"><img decoding=\"async\" class=\"\" src=\"http:\/\/athletisme-sua.fr\/wp-content\/uploads\/2020\/04\/DSC_3333-1-150x150.jpg\" alt=\"\"\/><\/div><\/div><\/div><div class=\"uagb-ifb-title-wrap\"><h5 class=\"uagb-ifb-title\">L&rsquo;aprentissage<\/h5><\/div><div class=\"uagb-ifb-separator-parent\"><div class=\"uagb-ifb-separator\"><\/div><\/div><div class=\"uagb-ifb-text-wrap\"><p class=\"uagb-ifb-desc\">L\u2019athl\u00e9tisme, acteur essentiel dans le domaine de l\u2019\u00e9ducation Avec l\u2019\u00e9cole d\u2019athl\u00e9tisme l\u2019enfant de 6 \u00e0 11 ans d\u00e9couvre les diff\u00e9rentes disciplines sous forme de jeux\u2026<\/p><div class=\"uagb-ifb-cta uagb-infobox-cta-link-style\"><div class=\"uagb-ifb-button-wrapper\"><a href=\"\/\/athletisme-sua.fr\/?page_id=28\" class=\"uagb-infobox-cta-link uagb-ifb-cta-button\" target=\"_self\" rel=\"noopener noreferrer\"><span class=\"uagb-ifb-cta-content-wrapper\"><span class=\"uagb-inline-editing \">En savoir plus<\/span><\/span><\/a><\/div><\/div><\/div><\/div><\/div><\/div><\/div>\n\n\n\n<div class=\"wp-block-buttons is-layout-flex wp-block-buttons-is-layout-flex\"><\/div>\n<\/div>\n\n\n\n<div class=\"wp-block-column is-layout-flow wp-block-column-is-layout-flow\">\n<div class=\"wp-block-uagb-info-box uagb-infobox__outer-wrap uagb-block-e1b390d1\"><div class=\"uagb-infobox__content-wrap uagb-infobox uagb-infobox-has-image uagb-infobox-icon-above-title uagb-infobox-image-valign-top uagb-infobox-enable-border-radius \"><div class=\"uagb-ifb-left-right-wrap\"><div class=\"uagb-ifb-content\"><div class=\"uagb-ifb-image-icon-content uagb-ifb-imgicon-wrap\"><div class=\"uagb-ifb-image\"><div class=\"uagb-ifb-image-content\"><img decoding=\"async\" class=\"\" src=\"http:\/\/athletisme-sua.fr\/wp-content\/uploads\/2020\/04\/DSC_2582-1-150x150.jpg\" alt=\"\"\/><\/div><\/div><\/div><div class=\"uagb-ifb-title-wrap\"><h5 class=\"uagb-ifb-title\">La comp\u00e9tition<\/h5><\/div><div class=\"uagb-ifb-separator-parent\"><div class=\"uagb-ifb-separator\"><\/div><\/div><div class=\"uagb-ifb-text-wrap\"><p class=\"uagb-ifb-desc\">Le SUA Athl\u00e9tisme, c\u2019est aussi de la comp\u00e9tition et de la performance.<br>Tout au long de l\u2019ann\u00e9e, les athl\u00e8tes du SUA ont l\u2019occasion d\u2019am\u00e9liorer leurs performances en participant \u00e0 des comp\u00e9titions par \u00e9quipe (les interclubs) ou individuelles\u2026<\/p><div class=\"uagb-ifb-cta uagb-infobox-cta-link-style\"><div class=\"uagb-ifb-button-wrapper\"><a href=\"\/\/athletisme-sua.fr\/?page_id=30\" class=\"uagb-infobox-cta-link uagb-ifb-cta-button\" target=\"_self\" rel=\"noopener noreferrer\"><span class=\"uagb-ifb-cta-content-wrapper\"><span class=\"uagb-inline-editing \">En savoir plus<\/span><\/span><\/a><\/div><\/div><\/div><\/div><\/div><\/div><\/div>\n<\/div>\n<\/div>\n<\/div>\n\n\n\n<div class=\"wp-block-column is-layout-flow wp-block-column-is-layout-flow\">\n<div class=\"wp-block-columns is-layout-flex wp-container-core-columns-is-layout-2 wp-block-columns-is-layout-flex\">\n<div class=\"wp-block-column is-layout-flow wp-block-column-is-layout-flow\">\n<div class=\"wp-block-uagb-info-box uagb-infobox__outer-wrap uagb-block-623d4a00\"><div class=\"uagb-infobox__content-wrap uagb-infobox uagb-infobox-has-image uagb-infobox-icon-above-title uagb-infobox-image-valign-top uagb-infobox-enable-border-radius \"><div class=\"uagb-ifb-left-right-wrap\"><div class=\"uagb-ifb-content\"><div class=\"uagb-ifb-image-icon-content uagb-ifb-imgicon-wrap\"><div class=\"uagb-ifb-image\"><div class=\"uagb-ifb-image-content\"><img decoding=\"async\" class=\"\" src=\"http:\/\/athletisme-sua.fr\/wp-content\/uploads\/2020\/04\/29366270_2031467220213929_7264964707629400064_o-1-150x150.jpg\" alt=\"\"\/><\/div><\/div><\/div><div class=\"uagb-ifb-title-wrap\"><h5 class=\"uagb-ifb-title\">Le groupe sant\u00e9-loisir<\/h5><\/div><div class=\"uagb-ifb-separator-parent\"><div class=\"uagb-ifb-separator\"><\/div><\/div><div class=\"uagb-ifb-text-wrap\"><p class=\"uagb-ifb-desc\">Vous souhaitez reprendre une activit\u00e9 physique apr\u00e8s un long arr\u00eat ?<br>Vous ne voulez plus courir seul(e) ?<br>Vous voulez b\u00e9n\u00e9ficier de conseils d\u2019entra\u00eeneurs sp\u00e9cialis\u00e9s ?<br>D\u00e9couvrez le plaisir du sport \u00e0 travers la course et ses bienfaits sur la sant\u00e9\u2026<\/p><div class=\"uagb-ifb-cta uagb-infobox-cta-link-style\"><div class=\"uagb-ifb-button-wrapper\"><a href=\"\/\/athletisme-sua.fr\/?page_id=32\" class=\"uagb-infobox-cta-link uagb-ifb-cta-button\" target=\"_self\" rel=\"noopener noreferrer\"><span class=\"uagb-ifb-cta-content-wrapper\"><span class=\"uagb-inline-editing \">En savoir plus<\/span><\/span><\/a><\/div><\/div><\/div><\/div><\/div><\/div><\/div>\n<\/div>\n\n\n\n<div class=\"wp-block-column is-layout-flow wp-block-column-is-layout-flow\">\n<div class=\"wp-block-uagb-info-box uagb-infobox__outer-wrap uagb-block-5137e8a1\"><div class=\"uagb-infobox__content-wrap uagb-infobox uagb-infobox-has-image uagb-infobox-icon-above-title uagb-infobox-image-valign-top uagb-infobox-enable-border-radius \"><div class=\"uagb-ifb-left-right-wrap\"><div class=\"uagb-ifb-content\"><div class=\"uagb-ifb-image-icon-content uagb-ifb-imgicon-wrap\"><div class=\"uagb-ifb-image\"><div class=\"uagb-ifb-image-content\"><img decoding=\"async\" class=\"\" src=\"http:\/\/athletisme-sua.fr\/wp-content\/uploads\/2020\/08\/Nordicfit-carr\u00e9-150x150.png\" alt=\"\"\/><\/div><\/div><\/div><div class=\"uagb-ifb-title-wrap\"><h5 class=\"uagb-ifb-title\">Marche Nordique &amp; Nordic&rsquo;Fit Cardio<\/h5><\/div><div class=\"uagb-ifb-separator-parent\"><div class=\"uagb-ifb-separator\"><\/div><\/div><div class=\"uagb-ifb-text-wrap\"><p class=\"uagb-ifb-desc\">La marche nordique est un sport accessible \u00e0 tous dont la FFA a obtenu la d\u00e9l\u00e9gation en<br>2009.<br>Il s\u2019agit d\u2019une marche dynamique \u00e0 l\u2019aide de b\u00e2tons qui permets de travailler 80\u00a0% des<br>muscles du corps et de d\u00e9penser 40\u00a0% d\u2019\u00e9nergie en plus par rapport \u00e0 la marche<br>classique&#8230;<\/p><div class=\"uagb-ifb-cta uagb-infobox-cta-link-style\"><div class=\"uagb-ifb-button-wrapper\"><a href=\"\/\/athletisme-sua.fr\/?page_id=34\" class=\"uagb-infobox-cta-link uagb-ifb-cta-button\" target=\"_self\" rel=\"noopener noreferrer\"><span class=\"uagb-ifb-cta-content-wrapper\"><span class=\"uagb-inline-editing \">En savoir plus<\/span><\/span><\/a><\/div><\/div><\/div><\/div><\/div><\/div><\/div>\n<\/div>\n<\/div>\n<\/div>\n<\/div>\n","protected":false},"excerpt":{"rendered":"<p>Le SUA Athl\u00e9tisme, fort de son exp\u00e9rience N\u00e9 de la fusion du SPORTING CLUB et de l\u2019UNION SPORTIVE AGENAISE, le S.U.AGEN a \u00e9t\u00e9 reconnu officiellement en 1920, vraisemblablement en Novembre (aucune date n\u2019est connue exactement). C\u2019est, d\u00e8s 1896, que l\u2019athl\u00e9tisme a pris naissance au chef lieu le 18 octobre, la soci\u00e9t\u00e9 de touristes \u00ab&nbsp;L\u2019Eclair&nbsp;\u00bb faisant&hellip; <br \/> <a class=\"read-more\" href=\"https:\/\/athletisme-sua.fr\/?page_id=26\">Lire la suite<\/a><\/p>\n","protected":false},"author":1,"featured_media":0,"parent":0,"menu_order":2,"comment_status":"closed","ping_status":"closed","template":"page-templates\/page-with-right-sidebar.php","meta":{"footnotes":""},"class_list":["post-26","page","type-page","status-publish","hentry"],"yoast_head":"<!-- This site is optimized with the Yoast SEO plugin v23.7 - https:\/\/yoast.com\/wordpress\/plugins\/seo\/ -->\n<title>Le club - SUA Athletisme<\/title>\n<meta name=\"robots\" content=\"index, follow, max-snippet:-1, max-image-preview:large, max-video-preview:-1\" \/>\n<link rel=\"canonical\" href=\"https:\/\/athletisme-sua.fr\/?page_id=26\" \/>\n<meta property=\"og:locale\" content=\"fr_FR\" \/>\n<meta property=\"og:type\" content=\"article\" \/>\n<meta property=\"og:title\" content=\"Le club - SUA Athletisme\" \/>\n<meta property=\"og:description\" content=\"Le SUA Athl\u00e9tisme, fort de son exp\u00e9rience N\u00e9 de la fusion du SPORTING CLUB et de l\u2019UNION SPORTIVE AGENAISE, le S.U.AGEN a \u00e9t\u00e9 reconnu officiellement en 1920, vraisemblablement en Novembre (aucune date n\u2019est connue exactement). C\u2019est, d\u00e8s 1896, que l\u2019athl\u00e9tisme a pris naissance au chef lieu le 18 octobre, la soci\u00e9t\u00e9 de touristes \u00ab&nbsp;L\u2019Eclair&nbsp;\u00bb faisant&hellip; Lire la suite\" \/>\n<meta property=\"og:url\" content=\"https:\/\/athletisme-sua.fr\/?page_id=26\" \/>\n<meta property=\"og:site_name\" content=\"SUA Athletisme\" \/>\n<meta property=\"article:modified_time\" content=\"2021-09-27T12:04:51+00:00\" \/>\n<meta property=\"og:image\" content=\"https:\/\/web.archive.org\/web\/20180825235801im_\/http:\/\/sua-athletisme.fr\/wp-content\/uploads\/2014\/10\/suaathletisme.jpg\" \/>\n<meta name=\"twitter:card\" content=\"summary_large_image\" \/>\n<meta name=\"twitter:label1\" content=\"Dur\u00e9e de lecture estim\u00e9e\" \/>\n\t<meta name=\"twitter:data1\" content=\"2 minutes\" \/>\n<script type=\"application\/ld+json\" class=\"yoast-schema-graph\">{\"@context\":\"https:\/\/schema.org\",\"@graph\":[{\"@type\":\"WebPage\",\"@id\":\"https:\/\/athletisme-sua.fr\/?page_id=26\",\"url\":\"https:\/\/athletisme-sua.fr\/?page_id=26\",\"name\":\"Le club - SUA Athletisme\",\"isPartOf\":{\"@id\":\"https:\/\/athletisme-sua.fr\/#website\"},\"primaryImageOfPage\":{\"@id\":\"https:\/\/athletisme-sua.fr\/?page_id=26#primaryimage\"},\"image\":{\"@id\":\"https:\/\/athletisme-sua.fr\/?page_id=26#primaryimage\"},\"thumbnailUrl\":\"https:\/\/web.archive.org\/web\/20180825235801im_\/http:\/\/sua-athletisme.fr\/wp-content\/uploads\/2014\/10\/suaathletisme.jpg\",\"datePublished\":\"2020-04-15T08:12:11+00:00\",\"dateModified\":\"2021-09-27T12:04:51+00:00\",\"breadcrumb\":{\"@id\":\"https:\/\/athletisme-sua.fr\/?page_id=26#breadcrumb\"},\"inLanguage\":\"fr-FR\",\"potentialAction\":[{\"@type\":\"ReadAction\",\"target\":[\"https:\/\/athletisme-sua.fr\/?page_id=26\"]}]},{\"@type\":\"ImageObject\",\"inLanguage\":\"fr-FR\",\"@id\":\"https:\/\/athletisme-sua.fr\/?page_id=26#primaryimage\",\"url\":\"https:\/\/web.archive.org\/web\/20180825235801im_\/http:\/\/sua-athletisme.fr\/wp-content\/uploads\/2014\/10\/suaathletisme.jpg\",\"contentUrl\":\"https:\/\/web.archive.org\/web\/20180825235801im_\/http:\/\/sua-athletisme.fr\/wp-content\/uploads\/2014\/10\/suaathletisme.jpg\"},{\"@type\":\"BreadcrumbList\",\"@id\":\"https:\/\/athletisme-sua.fr\/?page_id=26#breadcrumb\",\"itemListElement\":[{\"@type\":\"ListItem\",\"position\":1,\"name\":\"Accueil\",\"item\":\"https:\/\/athletisme-sua.fr\/\"},{\"@type\":\"ListItem\",\"position\":2,\"name\":\"Le club\"}]},{\"@type\":\"WebSite\",\"@id\":\"https:\/\/athletisme-sua.fr\/#website\",\"url\":\"https:\/\/athletisme-sua.fr\/\",\"name\":\"SUA Athletisme\",\"description\":\"Des plus petits aux plus grands, du loisir au comp\u00e9titeur, le SUA vous accueille au Stade Rabal \u00e0 Agen.\",\"publisher\":{\"@id\":\"https:\/\/athletisme-sua.fr\/#organization\"},\"potentialAction\":[{\"@type\":\"SearchAction\",\"target\":{\"@type\":\"EntryPoint\",\"urlTemplate\":\"https:\/\/athletisme-sua.fr\/?s={search_term_string}\"},\"query-input\":{\"@type\":\"PropertyValueSpecification\",\"valueRequired\":true,\"valueName\":\"search_term_string\"}}],\"inLanguage\":\"fr-FR\"},{\"@type\":\"Organization\",\"@id\":\"https:\/\/athletisme-sua.fr\/#organization\",\"name\":\"SUA Athl\u00e9tisme\",\"url\":\"https:\/\/athletisme-sua.fr\/\",\"logo\":{\"@type\":\"ImageObject\",\"inLanguage\":\"fr-FR\",\"@id\":\"https:\/\/athletisme-sua.fr\/#\/schema\/logo\/image\/\",\"url\":\"http:\/\/athletisme-sua.fr\/wp-content\/uploads\/2020\/04\/SUA-Athletisme_Logo-1.png\",\"contentUrl\":\"http:\/\/athletisme-sua.fr\/wp-content\/uploads\/2020\/04\/SUA-Athletisme_Logo-1.png\",\"width\":145,\"height\":145,\"caption\":\"SUA Athl\u00e9tisme\"},\"image\":{\"@id\":\"https:\/\/athletisme-sua.fr\/#\/schema\/logo\/image\/\"}}]}<\/script>\n<!-- \/ Yoast SEO plugin. -->","yoast_head_json":{"title":"Le club - SUA Athletisme","robots":{"index":"index","follow":"follow","max-snippet":"max-snippet:-1","max-image-preview":"max-image-preview:large","max-video-preview":"max-video-preview:-1"},"canonical":"https:\/\/athletisme-sua.fr\/?page_id=26","og_locale":"fr_FR","og_type":"article","og_title":"Le club - SUA Athletisme","og_description":"Le SUA Athl\u00e9tisme, fort de son exp\u00e9rience N\u00e9 de la fusion du SPORTING CLUB et de l\u2019UNION SPORTIVE AGENAISE, le S.U.AGEN a \u00e9t\u00e9 reconnu officiellement en 1920, vraisemblablement en Novembre (aucune date n\u2019est connue exactement). C\u2019est, d\u00e8s 1896, que l\u2019athl\u00e9tisme a pris naissance au chef lieu le 18 octobre, la soci\u00e9t\u00e9 de touristes \u00ab&nbsp;L\u2019Eclair&nbsp;\u00bb faisant&hellip; Lire la suite","og_url":"https:\/\/athletisme-sua.fr\/?page_id=26","og_site_name":"SUA Athletisme","article_modified_time":"2021-09-27T12:04:51+00:00","og_image":[{"url":"https:\/\/web.archive.org\/web\/20180825235801im_\/http:\/\/sua-athletisme.fr\/wp-content\/uploads\/2014\/10\/suaathletisme.jpg"}],"twitter_card":"summary_large_image","twitter_misc":{"Dur\u00e9e de lecture estim\u00e9e":"2 minutes"},"schema":{"@context":"https:\/\/schema.org","@graph":[{"@type":"WebPage","@id":"https:\/\/athletisme-sua.fr\/?page_id=26","url":"https:\/\/athletisme-sua.fr\/?page_id=26","name":"Le club - SUA Athletisme","isPartOf":{"@id":"https:\/\/athletisme-sua.fr\/#website"},"primaryImageOfPage":{"@id":"https:\/\/athletisme-sua.fr\/?page_id=26#primaryimage"},"image":{"@id":"https:\/\/athletisme-sua.fr\/?page_id=26#primaryimage"},"thumbnailUrl":"https:\/\/web.archive.org\/web\/20180825235801im_\/http:\/\/sua-athletisme.fr\/wp-content\/uploads\/2014\/10\/suaathletisme.jpg","datePublished":"2020-04-15T08:12:11+00:00","dateModified":"2021-09-27T12:04:51+00:00","breadcrumb":{"@id":"https:\/\/athletisme-sua.fr\/?page_id=26#breadcrumb"},"inLanguage":"fr-FR","potentialAction":[{"@type":"ReadAction","target":["https:\/\/athletisme-sua.fr\/?page_id=26"]}]},{"@type":"ImageObject","inLanguage":"fr-FR","@id":"https:\/\/athletisme-sua.fr\/?page_id=26#primaryimage","url":"https:\/\/web.archive.org\/web\/20180825235801im_\/http:\/\/sua-athletisme.fr\/wp-content\/uploads\/2014\/10\/suaathletisme.jpg","contentUrl":"https:\/\/web.archive.org\/web\/20180825235801im_\/http:\/\/sua-athletisme.fr\/wp-content\/uploads\/2014\/10\/suaathletisme.jpg"},{"@type":"BreadcrumbList","@id":"https:\/\/athletisme-sua.fr\/?page_id=26#breadcrumb","itemListElement":[{"@type":"ListItem","position":1,"name":"Accueil","item":"https:\/\/athletisme-sua.fr\/"},{"@type":"ListItem","position":2,"name":"Le club"}]},{"@type":"WebSite","@id":"https:\/\/athletisme-sua.fr\/#website","url":"https:\/\/athletisme-sua.fr\/","name":"SUA Athletisme","description":"Des plus petits aux plus grands, du loisir au comp\u00e9titeur, le SUA vous accueille au Stade Rabal \u00e0 Agen.","publisher":{"@id":"https:\/\/athletisme-sua.fr\/#organization"},"potentialAction":[{"@type":"SearchAction","target":{"@type":"EntryPoint","urlTemplate":"https:\/\/athletisme-sua.fr\/?s={search_term_string}"},"query-input":{"@type":"PropertyValueSpecification","valueRequired":true,"valueName":"search_term_string"}}],"inLanguage":"fr-FR"},{"@type":"Organization","@id":"https:\/\/athletisme-sua.fr\/#organization","name":"SUA Athl\u00e9tisme","url":"https:\/\/athletisme-sua.fr\/","logo":{"@type":"ImageObject","inLanguage":"fr-FR","@id":"https:\/\/athletisme-sua.fr\/#\/schema\/logo\/image\/","url":"http:\/\/athletisme-sua.fr\/wp-content\/uploads\/2020\/04\/SUA-Athletisme_Logo-1.png","contentUrl":"http:\/\/athletisme-sua.fr\/wp-content\/uploads\/2020\/04\/SUA-Athletisme_Logo-1.png","width":145,"height":145,"caption":"SUA Athl\u00e9tisme"},"image":{"@id":"https:\/\/athletisme-sua.fr\/#\/schema\/logo\/image\/"}}]}},"uagb_featured_image_src":{"full":false,"thumbnail":false,"medium":false,"medium_large":false,"large":false,"rpg_gallery_admin_thumb":false,"rpg_gallery_thumb":false,"1536x1536":false,"2048x2048":false,"post-thumbnail":false,"mesmerize-full-hd":false},"uagb_author_info":{"display_name":"admin8842","author_link":"https:\/\/athletisme-sua.fr\/?author=1"},"uagb_comment_info":0,"uagb_excerpt":"Le SUA Athl\u00e9tisme, fort de son exp\u00e9rience N\u00e9 de la fusion du SPORTING CLUB et de l\u2019UNION SPORTIVE AGENAISE, le S.U.AGEN a \u00e9t\u00e9 reconnu officiellement en 1920, vraisemblablement en Novembre (aucune date n\u2019est connue exactement). C\u2019est, d\u00e8s 1896, que l\u2019athl\u00e9tisme a pris naissance au chef lieu le 18 octobre, la soci\u00e9t\u00e9 de touristes \u00ab&nbsp;L\u2019Eclair&nbsp;\u00bb faisant&hellip;\u2026","_links":{"self":[{"href":"https:\/\/athletisme-sua.fr\/index.php?rest_route=\/wp\/v2\/pages\/26"}],"collection":[{"href":"https:\/\/athletisme-sua.fr\/index.php?rest_route=\/wp\/v2\/pages"}],"about":[{"href":"https:\/\/athletisme-sua.fr\/index.php?rest_route=\/wp\/v2\/types\/page"}],"author":[{"embeddable":true,"href":"https:\/\/athletisme-sua.fr\/index.php?rest_route=\/wp\/v2\/users\/1"}],"replies":[{"embeddable":true,"href":"https:\/\/athletisme-sua.fr\/index.php?rest_route=%2Fwp%2Fv2%2Fcomments&post=26"}],"version-history":[{"count":34,"href":"https:\/\/athletisme-sua.fr\/index.php?rest_route=\/wp\/v2\/pages\/26\/revisions"}],"predecessor-version":[{"id":595,"href":"https:\/\/athletisme-sua.fr\/index.php?rest_route=\/wp\/v2\/pages\/26\/revisions\/595"}],"wp:attachment":[{"href":"https:\/\/athletisme-sua.fr\/index.php?rest_route=%2Fwp%2Fv2%2Fmedia&parent=26"}],"curies":[{"name":"wp","href":"https:\/\/api.w.org\/{rel}","templated":true}]}}